{"version":"1.0","provider_name":"CCAS","provider_url":"https:\/\/cestdanslest-ccas.fr","title":"Festival d\u2019\u00c9nergies - L'Est r\u00e9pond pr\u00e9sent \u00e9pisode 2 - CCAS","type":"rich","width":600,"height":338,"html":"<blockquote class=\"wp-embedded-content\" data-secret=\"ZBBQczx92K\"><a href=\"https:\/\/cestdanslest-ccas.fr\/index.php\/2026\/04\/28\/festival-denergies-lest-repond-present-episode-2\/\">Festival d\u2019\u00c9nergies &#8211; L&rsquo;Est r\u00e9pond pr\u00e9sent \u00e9pisode 2<\/a><\/blockquote><iframe sandbox=\"allow-scripts\" security=\"restricted\" src=\"https:\/\/cestdanslest-ccas.fr\/index.php\/2026\/04\/28\/festival-denergies-lest-repond-present-episode-2\/embed\/#?secret=ZBBQczx92K\" width=\"600\" height=\"338\" title=\"\u00ab\u00a0Festival d\u2019\u00c9nergies &#8211; L&rsquo;Est r\u00e9pond pr\u00e9sent \u00e9pisode 2\u00a0\u00bb &#8212; CCAS\" data-secret=\"ZBBQczx92K\" frameborder=\"0\" marginwidth=\"0\" marginheight=\"0\" scrolling=\"no\" class=\"wp-embedded-content\"><\/iframe><script>\n\/*! This file is auto-generated *\/\n!function(d,l){\"use strict\";l.querySelector&&d.addEventListener&&\"undefined\"!=typeof URL&&(d.wp=d.wp||{},d.wp.receiveEmbedMessage||(d.wp.receiveEmbedMessage=function(e){var t=e.data;if((t||t.secret||t.message||t.value)&&!\/[^a-zA-Z0-9]\/.test(t.secret)){for(var s,r,n,a=l.querySelectorAll('iframe[data-secret=\"'+t.secret+'\"]'),o=l.querySelectorAll('blockquote[data-secret=\"'+t.secret+'\"]'),c=new RegExp(\"^https?:$\",\"i\"),i=0;i<o.length;i++)o[i].style.display=\"none\";for(i=0;i<a.length;i++)s=a[i],e.source===s.contentWindow&&(s.removeAttribute(\"style\"),\"height\"===t.message?(1e3<(r=parseInt(t.value,10))?r=1e3:~~r<200&&(r=200),s.height=r):\"link\"===t.message&&(r=new URL(s.getAttribute(\"src\")),n=new URL(t.value),c.test(n.protocol))&&n.host===r.host&&l.activeElement===s&&(d.top.location.href=t.value))}},d.addEventListener(\"message\",d.wp.receiveEmbedMessage,!1),l.addEventListener(\"DOMContentLoaded\",function(){for(var e,t,s=l.querySelectorAll(\"iframe.wp-embedded-content\"),r=0;r<s.length;r++)(t=(e=s[r]).getAttribute(\"data-secret\"))||(t=Math.random().toString(36).substring(2,12),e.src+=\"#?secret=\"+t,e.setAttribute(\"data-secret\",t)),e.contentWindow.postMessage({message:\"ready\",secret:t},\"*\")},!1)))}(window,document);\n\/\/# sourceURL=https:\/\/cestdanslest-ccas.fr\/wp-includes\/js\/wp-embed.min.js\n<\/script>\n","thumbnail_url":"https:\/\/cestdanslest-ccas.fr\/wp-content\/uploads\/2026\/04\/gabarit-_dernieres_infos_2.jpg","thumbnail_width":300,"thumbnail_height":300,"description":"L&rsquo;Est r\u00e9pond pr\u00e9sent &#8211; \u00e9pisode 2 Trois b\u00e9n\u00e9voles de la plaque Est au c\u0153ur de la technique Apr\u00e8s la cr\u00e9ativit\u00e9 mise \u00e0 l\u2019honneur avec le vote de l\u2019affiche officielle, place maintenant \u00e0 celles et ceux qui \u0153uvrent dans l&rsquo;ombre pour donner vie au Festival d\u2019\u00c9nergies. Au c\u0153ur de cette pr\u00e9paration se trouve le collectif technique national, une \u00e9quipe d\u2019une dizaine de professionnels issus \u00e0 la fois de la direction nationale et des diff\u00e9rentes plaques, repr\u00e9sentant une diversit\u00e9 de m\u00e9tiers. Structur\u00e9 en plusieurs p\u00f4les compl\u00e9mentaires, ce collectif coordonne l\u2019ensemble des aspects techniques du festival. C\u2019est au sein de cette organisation exigeante et collaborative que trois b\u00e9n\u00e9voles de la plaque Est \u2014 Lothain Combi, Marie Taillard et Marianne Feite \u2014 s\u2019investissent depuis l\u2019ann\u00e9e derni\u00e8re. Un trio engag\u00e9 pour faire vivre le festival Marie Taillard \u2013 P\u00f4le R\u00e9gie CMCAS Responsable op\u00e9rationnelle des Activit\u00e9s Sociales du territoire Bourgogne\u2013Franche-Comt\u00e9, Marie a int\u00e9gr\u00e9 le p\u00f4le R\u00e9gie CMCAS au sein du collectif technique national. \u00c0 ce titre, elle assure le lien avec les b\u00e2tisseurs du festival et prend en charge la gestion des diff\u00e9rentes commandes n\u00e9cessaires au bon fonctionnement du site : nourriture, boissons et mat\u00e9riels. Elle joue \u00e9galement un r\u00f4le cl\u00e9 de coordination en faisant le lien entre la R\u00e9gie CMCAS et les autres p\u00f4les techniques, afin de garantir une organisation coh\u00e9rente et collective. Au sein de ce p\u00f4le, Marie s\u2019investit en bin\u00f4me avec une autre b\u00e9n\u00e9vole, formant une \u00e9quipe compl\u00e9mentaire essentielle \u00e0 la pr\u00e9paration et au bon d\u00e9roulement du festival. \u00a0 Lothain Combi &amp; Marianne Feite \u2013 P\u00f4le R\u00e9gie G\u00e9n\u00e9rale Au sein du p\u00f4le R\u00e9gie G\u00e9n\u00e9rale, Lothain Combi, responsable \u00e9tudes et d\u00e9veloppement, et Marianne Feite, assistante communication, forment un bin\u00f4me pleinement investi dans la pr\u00e9paration op\u00e9rationnelle du Festival d\u2019\u00c9nergies. Leurs missions portent principalement sur la gestion des commandes de mat\u00e9riel, l\u2019organisation du catering des \u00e9quipes, ainsi que le suivi et la distribution des badges pour l\u2019ensemble des b\u00e9n\u00e9voles \u2014 pr\u00e8s de 1 000 personnes mobilis\u00e9es sur l\u2019\u00e9v\u00e9nement \u2014 sans oublier la gestion des goodies du festival. Ils assurent \u00e9galement les liens n\u00e9cessaires avec les services supports, notamment pour les lettres de mission et les aspects assurantiels, en coordination avec les p\u00f4les concern\u00e9s. En relation constante avec l\u2019ensemble des p\u00f4les techniques, Lothain et Marianne centralisent et accompagnent les besoins exprim\u00e9s afin de garantir une organisation coh\u00e9rente et collective \u00e0 l\u2019\u00e9chelle nationale. L\u2019esprit du Festival d\u2019\u00c9nergies L\u2019engagement de Lothain, Marie et Marianne illustre pleinement l\u2019esprit du Festival d\u2019\u00c9nergies :\u00a0un \u00e9v\u00e9nement construit collectivement, port\u00e9 par les comp\u00e9tences et l\u2019investissement des agents, au service d\u2019un rendez\u2011vous national qui c\u00e9l\u00e9brera cette ann\u00e9e les 80 ans des Activit\u00e9s Sociales et les 40 ans + 1 du Festival d\u2019\u00c9nergies. Par leur implication au sein du collectif technique national, ces trois b\u00e9n\u00e9voles participent activement \u00e0 faire rayonner la plaque Est et \u00e0 pr\u00e9parer une \u00e9dition anniversaire fid\u00e8le aux valeurs de solidarit\u00e9, de partage et de convivialit\u00e9 qui font l\u2019identit\u00e9 du festival. Publi\u00e9 le 28\/04\/2026"}