{"version":"1.0","provider_name":"CCAS","provider_url":"https:\/\/cestdanslest-ccas.fr","title":"Invitation 22 juin 2026 - CCAS","type":"rich","width":600,"height":338,"html":"<blockquote class=\"wp-embedded-content\" data-secret=\"pI6IbPdbNr\"><a href=\"https:\/\/cestdanslest-ccas.fr\/index.php\/2026\/04\/27\/invitation-22-juin-2026\/\">Invitation 22 juin 2026<\/a><\/blockquote><iframe sandbox=\"allow-scripts\" security=\"restricted\" src=\"https:\/\/cestdanslest-ccas.fr\/index.php\/2026\/04\/27\/invitation-22-juin-2026\/embed\/#?secret=pI6IbPdbNr\" width=\"600\" height=\"338\" title=\"\u00ab\u00a0Invitation 22 juin 2026\u00a0\u00bb &#8212; CCAS\" data-secret=\"pI6IbPdbNr\" frameborder=\"0\" marginwidth=\"0\" marginheight=\"0\" scrolling=\"no\" class=\"wp-embedded-content\"><\/iframe><script>\n\/*! This file is auto-generated *\/\n!function(d,l){\"use strict\";l.querySelector&&d.addEventListener&&\"undefined\"!=typeof URL&&(d.wp=d.wp||{},d.wp.receiveEmbedMessage||(d.wp.receiveEmbedMessage=function(e){var t=e.data;if((t||t.secret||t.message||t.value)&&!\/[^a-zA-Z0-9]\/.test(t.secret)){for(var s,r,n,a=l.querySelectorAll('iframe[data-secret=\"'+t.secret+'\"]'),o=l.querySelectorAll('blockquote[data-secret=\"'+t.secret+'\"]'),c=new RegExp(\"^https?:$\",\"i\"),i=0;i<o.length;i++)o[i].style.display=\"none\";for(i=0;i<a.length;i++)s=a[i],e.source===s.contentWindow&&(s.removeAttribute(\"style\"),\"height\"===t.message?(1e3<(r=parseInt(t.value,10))?r=1e3:~~r<200&&(r=200),s.height=r):\"link\"===t.message&&(r=new URL(s.getAttribute(\"src\")),n=new URL(t.value),c.test(n.protocol))&&n.host===r.host&&l.activeElement===s&&(d.top.location.href=t.value))}},d.addEventListener(\"message\",d.wp.receiveEmbedMessage,!1),l.addEventListener(\"DOMContentLoaded\",function(){for(var e,t,s=l.querySelectorAll(\"iframe.wp-embedded-content\"),r=0;r<s.length;r++)(t=(e=s[r]).getAttribute(\"data-secret\"))||(t=Math.random().toString(36).substring(2,12),e.src+=\"#?secret=\"+t,e.setAttribute(\"data-secret\",t)),e.contentWindow.postMessage({message:\"ready\",secret:t},\"*\")},!1)))}(window,document);\n\/\/# sourceURL=https:\/\/cestdanslest-ccas.fr\/wp-includes\/js\/wp-embed.min.js\n<\/script>\n","thumbnail_url":"https:\/\/cestdanslest-ccas.fr\/wp-content\/uploads\/2026\/04\/gabarit-_slider_80_ans.jpg","thumbnail_width":1366,"thumbnail_height":600,"description":"F\u00eatons ensemble les 80 ans des AS Comme vous le savez tous, cette ann\u00e9e 2026 est riche en anniversaires. 80 ANS que la grande aventure des Activit\u00e9s Sociales a \u00e9t\u00e9 officiellement lanc\u00e9e le 22 juin 1946\u00a0lors de la parution du d\u00e9cret approuvant le statut national du personnel des Industries \u00e9lectrique et gazi\u00e8re. 90 ANS que le gouvernement du Front Populaire a adopt\u00e9 la loi \u00e9largissant pour la premi\u00e8re fois\u00a0\u00e0 l\u2019ensemble de la population les cong\u00e9s pay\u00e9s. Alors f\u00eatons ensemble ces temps forts riches de notre histoire le lundi 22 juin 2026 sur l\u2019un\u00a0des 4 sites de votre choix : Franois, Mulhouse, Nancy et Reims (salle Coffignot). Nous nous retrouverons entres coll\u00e8gues de notre plaque mais pas que ! La Direction nationale\u00a0souhaite c\u00e9l\u00e9brer avec nous ce temps fort et donner le coup d\u2019envoi de la campagne d\u2019\u00e9t\u00e9.\u00a0Nous serons donc tous r\u00e9uni\u00b7e\u00b7s, salari\u00e9\u00b7e\u00b7s des 10 plaques et du si\u00e8ge pour un \u00e9v\u00e9nement\u00a0hybride in\u00e9dit. Au programme de cette journ\u00e9e : 9h30 : caf\u00e9 d\u2019accueil 10h : webinaire IA 11h30 : cocktail d\u00e9jeunatoire 14h : \u00e9v\u00e9nement national hybride 16h : d\u00e9part des participants Et quelques surprises viendront agr\u00e9menter cette journ\u00e9e sp\u00e9ciale. Pour faciliter l\u2019organisation de cette journ\u00e9e, nous vous invitons \u00e0 remplir le questionnaire disponible ici avant le vendredi 15 mai. \u00a0"}